{"id":169,"date":"2021-10-15T10:05:53","date_gmt":"2021-10-15T13:05:53","guid":{"rendered":"https:\/\/sites.pucpr.br\/universitas\/?page_id=169"},"modified":"2025-10-10T11:10:35","modified_gmt":"2025-10-10T14:10:35","slug":"doacoes","status":"publish","type":"page","link":"https:\/\/sites.pucpr.br\/universitas\/doacoes\/","title":{"rendered":"A\u00e7\u00e3o Social"},"content":{"rendered":"\n<p>Como em edi\u00e7\u00f5es anteriores, al\u00e9m de promover um grande evento de car\u00e1ter acad\u00eamico, em alinhamento com o valor Marista da solidariedade, a Escola de Direito da PUCPR realizar\u00e1 uma a\u00e7\u00e3o social de arrecada\u00e7\u00e3o de alimentos destinados \u00e0s pessoas migrantes em situa\u00e7\u00e3o de vulnerabilidade social.<\/p>\n\n\n\n<p>Ajude o CEAMIG \u2013 CENTRO DE APOIO AO MIGRANTE, contribuindo com os seguintes produtos aliment\u00edcios: ARROZ, FEIJ\u00c3O, MACARR\u00c3O, FARINHA, A\u00c7\u00daCAR E \u00d3LEO.<\/p>\n\n\n\n<p>Os alimentos podem ser entregues na Secretaria do Curso de Direito da PUCPR, a partir do dia 27\/10\/2025 at\u00e9 o dia 28\/11\/2025, de segunda a sexta-feira, das 7h50 \u00e0s 21h.<\/p>\n\n\n\n<p>Quando da entrega dos alimentos, ser\u00e1 fornecido o comprovante que dever\u00e1 ser utilizado para o protocolo de valida\u00e7\u00e3o das horas de atividades complementares pelos estudantes do Curso de Direito da PUCPR. Ele dever\u00e1 ser anexado junto aos certificados das palestras.<\/p>\n\n\n\n<p>Al\u00e9m dos alimentos, materiais recicl\u00e1veis ser\u00e3o coletados, especialmente pilhas e baterias. Para cada 5 pilhas ou 1 bateria entregue o estudante receber\u00e1 um brinde como agradecimento.<\/p>\n\n\n\n<p>Assim, al\u00e9m de apoiar a educa\u00e7\u00e3o, a a\u00e7\u00e3o contribui com quest\u00f5es ecol\u00f3gicas, refor\u00e7ando pr\u00e1ticas sustent\u00e1veis, e reflete os princ\u00edpios maristas e de fraternidade, promovendo solidariedade e cuidado com a comunidade.<\/p>\n\n\n\n<p>IMPORTANTE: A participa\u00e7\u00e3o no Universitas &amp; Direito para os estudantes da PUCPR \u00e9 gratuita, inclusive com emiss\u00e3o de certificado. No entanto, para que as horas de participa\u00e7\u00e3o sejam validadas como atividades complementares, como em edi\u00e7\u00f5es anteriores, o\/a estudante dever\u00e1 apresentar, al\u00e9m dos certificados dos eventos, o comprovante da contribui\u00e7\u00e3o de pelo menos 3 (tr\u00eas) kg de alimentos.<\/p>\n\n\n\n<p>Para maiores informa\u00e7\u00f5es e esclarecimentos, entrar em contato com a professora Silvia pelo e-mail: <a href=\"mailto:silvia.crechinski@pucpr.br\"><strong>silvia.crechinski@pucpr.br<\/strong><\/a><\/p>\n","protected":false},"excerpt":{"rendered":"<p>Como em edi\u00e7\u00f5es anteriores, al\u00e9m de promover um grande evento de car\u00e1ter acad\u00eamico, em alinhamento com o valor Marista da solidariedade, a Escola de Direito da PUCPR realizar\u00e1 uma a\u00e7\u00e3o social de arrecada\u00e7\u00e3o de alimentos destinados \u00e0s pessoas migrantes em situa\u00e7\u00e3o de vulnerabilidade social. Ajude o CEAMIG \u2013 CENTRO DE APOIO AO MIGRANTE, contribuindo com [&hellip;]<\/p>\n","protected":false},"author":2,"featured_media":0,"parent":0,"menu_order":0,"comment_status":"closed","ping_status":"closed","template":"","meta":[],"yoast_head":"<!-- This site is optimized with the Yoast SEO plugin v18.4.1 - https:\/\/yoast.com\/wordpress\/plugins\/seo\/ -->\n<title>A\u00e7\u00e3o Social - UNIVERSITAS &amp; DIREITO | PUCPR<\/title>\n<meta name=\"robots\" content=\"index, follow, max-snippet:-1, max-image-preview:large, max-video-preview:-1\" \/>\n<link rel=\"canonical\" href=\"https:\/\/sites.pucpr.br\/universitas\/doacoes\/\" \/>\n<meta property=\"og:locale\" content=\"pt_BR\" \/>\n<meta property=\"og:type\" content=\"article\" \/>\n<meta property=\"og:title\" content=\"A\u00e7\u00e3o Social - UNIVERSITAS &amp; DIREITO | PUCPR\" \/>\n<meta property=\"og:description\" content=\"Como em edi\u00e7\u00f5es anteriores, al\u00e9m de promover um grande evento de car\u00e1ter acad\u00eamico, em alinhamento com o valor Marista da solidariedade, a Escola de Direito da PUCPR realizar\u00e1 uma a\u00e7\u00e3o social de arrecada\u00e7\u00e3o de alimentos destinados \u00e0s pessoas migrantes em situa\u00e7\u00e3o de vulnerabilidade social. Ajude o CEAMIG \u2013 CENTRO DE APOIO AO MIGRANTE, contribuindo com [&hellip;]\" \/>\n<meta property=\"og:url\" content=\"https:\/\/sites.pucpr.br\/universitas\/doacoes\/\" \/>\n<meta property=\"og:site_name\" content=\"UNIVERSITAS &amp; DIREITO | PUCPR\" \/>\n<meta property=\"article:modified_time\" content=\"2025-10-10T14:10:35+00:00\" \/>\n<meta name=\"twitter:card\" content=\"summary_large_image\" \/>\n<meta name=\"twitter:label1\" content=\"Est. tempo de leitura\" \/>\n\t<meta name=\"twitter:data1\" content=\"2 minutos\" \/>\n<script type=\"application\/ld+json\" class=\"yoast-schema-graph\">{\"@context\":\"https:\/\/schema.org\",\"@graph\":[{\"@type\":\"WebSite\",\"@id\":\"https:\/\/sites.pucpr.br\/universitas\/#website\",\"url\":\"https:\/\/sites.pucpr.br\/universitas\/\",\"name\":\"UNIVERSITAS &amp; DIREITO | PUCPR\",\"description\":\"O UNIVERSITAS &amp; DIREITO \u00e9 o evento de divulga\u00e7\u00e3o do conhecimento e integra\u00e7\u00e3o acad\u00eamica entre gradua\u00e7\u00e3o e p\u00f3s-gradua\u00e7\u00e3o e desenvolvimento de pesquisa e extens\u00e3o promovido pela Escola de Direito \u2013 Campus Curitiba \u2013 da PUCPR.\",\"potentialAction\":[{\"@type\":\"SearchAction\",\"target\":{\"@type\":\"EntryPoint\",\"urlTemplate\":\"https:\/\/sites.pucpr.br\/universitas\/?s={search_term_string}\"},\"query-input\":\"required name=search_term_string\"}],\"inLanguage\":\"pt-BR\"},{\"@type\":\"WebPage\",\"@id\":\"https:\/\/sites.pucpr.br\/universitas\/doacoes\/#webpage\",\"url\":\"https:\/\/sites.pucpr.br\/universitas\/doacoes\/\",\"name\":\"A\u00e7\u00e3o Social - UNIVERSITAS &amp; DIREITO | PUCPR\",\"isPartOf\":{\"@id\":\"https:\/\/sites.pucpr.br\/universitas\/#website\"},\"datePublished\":\"2021-10-15T13:05:53+00:00\",\"dateModified\":\"2025-10-10T14:10:35+00:00\",\"breadcrumb\":{\"@id\":\"https:\/\/sites.pucpr.br\/universitas\/doacoes\/#breadcrumb\"},\"inLanguage\":\"pt-BR\",\"potentialAction\":[{\"@type\":\"ReadAction\",\"target\":[\"https:\/\/sites.pucpr.br\/universitas\/doacoes\/\"]}]},{\"@type\":\"BreadcrumbList\",\"@id\":\"https:\/\/sites.pucpr.br\/universitas\/doacoes\/#breadcrumb\",\"itemListElement\":[{\"@type\":\"ListItem\",\"position\":1,\"name\":\"In\u00edcio\",\"item\":\"https:\/\/sites.pucpr.br\/universitas\/\"},{\"@type\":\"ListItem\",\"position\":2,\"name\":\"A\u00e7\u00e3o Social\"}]}]}<\/script>\n<!-- \/ Yoast SEO plugin. -->","yoast_head_json":{"title":"A\u00e7\u00e3o Social - UNIVERSITAS &amp; DIREITO | PUCPR","robots":{"index":"index","follow":"follow","max-snippet":"max-snippet:-1","max-image-preview":"max-image-preview:large","max-video-preview":"max-video-preview:-1"},"canonical":"https:\/\/sites.pucpr.br\/universitas\/doacoes\/","og_locale":"pt_BR","og_type":"article","og_title":"A\u00e7\u00e3o Social - UNIVERSITAS &amp; DIREITO | PUCPR","og_description":"Como em edi\u00e7\u00f5es anteriores, al\u00e9m de promover um grande evento de car\u00e1ter acad\u00eamico, em alinhamento com o valor Marista da solidariedade, a Escola de Direito da PUCPR realizar\u00e1 uma a\u00e7\u00e3o social de arrecada\u00e7\u00e3o de alimentos destinados \u00e0s pessoas migrantes em situa\u00e7\u00e3o de vulnerabilidade social. Ajude o CEAMIG \u2013 CENTRO DE APOIO AO MIGRANTE, contribuindo com [&hellip;]","og_url":"https:\/\/sites.pucpr.br\/universitas\/doacoes\/","og_site_name":"UNIVERSITAS &amp; DIREITO | PUCPR","article_modified_time":"2025-10-10T14:10:35+00:00","twitter_card":"summary_large_image","twitter_misc":{"Est. tempo de leitura":"2 minutos"},"schema":{"@context":"https:\/\/schema.org","@graph":[{"@type":"WebSite","@id":"https:\/\/sites.pucpr.br\/universitas\/#website","url":"https:\/\/sites.pucpr.br\/universitas\/","name":"UNIVERSITAS &amp; DIREITO | PUCPR","description":"O UNIVERSITAS &amp; DIREITO \u00e9 o evento de divulga\u00e7\u00e3o do conhecimento e integra\u00e7\u00e3o acad\u00eamica entre gradua\u00e7\u00e3o e p\u00f3s-gradua\u00e7\u00e3o e desenvolvimento de pesquisa e extens\u00e3o promovido pela Escola de Direito \u2013 Campus Curitiba \u2013 da PUCPR.","potentialAction":[{"@type":"SearchAction","target":{"@type":"EntryPoint","urlTemplate":"https:\/\/sites.pucpr.br\/universitas\/?s={search_term_string}"},"query-input":"required name=search_term_string"}],"inLanguage":"pt-BR"},{"@type":"WebPage","@id":"https:\/\/sites.pucpr.br\/universitas\/doacoes\/#webpage","url":"https:\/\/sites.pucpr.br\/universitas\/doacoes\/","name":"A\u00e7\u00e3o Social - UNIVERSITAS &amp; DIREITO | PUCPR","isPartOf":{"@id":"https:\/\/sites.pucpr.br\/universitas\/#website"},"datePublished":"2021-10-15T13:05:53+00:00","dateModified":"2025-10-10T14:10:35+00:00","breadcrumb":{"@id":"https:\/\/sites.pucpr.br\/universitas\/doacoes\/#breadcrumb"},"inLanguage":"pt-BR","potentialAction":[{"@type":"ReadAction","target":["https:\/\/sites.pucpr.br\/universitas\/doacoes\/"]}]},{"@type":"BreadcrumbList","@id":"https:\/\/sites.pucpr.br\/universitas\/doacoes\/#breadcrumb","itemListElement":[{"@type":"ListItem","position":1,"name":"In\u00edcio","item":"https:\/\/sites.pucpr.br\/universitas\/"},{"@type":"ListItem","position":2,"name":"A\u00e7\u00e3o Social"}]}]}},"_links":{"self":[{"href":"https:\/\/sites.pucpr.br\/universitas\/wp-json\/wp\/v2\/pages\/169"}],"collection":[{"href":"https:\/\/sites.pucpr.br\/universitas\/wp-json\/wp\/v2\/pages"}],"about":[{"href":"https:\/\/sites.pucpr.br\/universitas\/wp-json\/wp\/v2\/types\/page"}],"author":[{"embeddable":true,"href":"https:\/\/sites.pucpr.br\/universitas\/wp-json\/wp\/v2\/users\/2"}],"replies":[{"embeddable":true,"href":"https:\/\/sites.pucpr.br\/universitas\/wp-json\/wp\/v2\/comments?post=169"}],"version-history":[{"count":25,"href":"https:\/\/sites.pucpr.br\/universitas\/wp-json\/wp\/v2\/pages\/169\/revisions"}],"predecessor-version":[{"id":665,"href":"https:\/\/sites.pucpr.br\/universitas\/wp-json\/wp\/v2\/pages\/169\/revisions\/665"}],"wp:attachment":[{"href":"https:\/\/sites.pucpr.br\/universitas\/wp-json\/wp\/v2\/media?parent=169"}],"curies":[{"name":"wp","href":"https:\/\/api.w.org\/{rel}","templated":true}]}}